{"id":1371,"date":"2022-09-07T11:30:56","date_gmt":"2022-09-07T09:30:56","guid":{"rendered":"https:\/\/geyser.asso.fr\/?page_id=1371"},"modified":"2022-09-07T11:34:13","modified_gmt":"2022-09-07T09:34:13","slug":"savoirs-ecologiques-et-formation","status":"publish","type":"page","link":"https:\/\/geyser.asso.fr\/?page_id=1371","title":{"rendered":"Savoirs \u00e9cologiques et formation"},"content":{"rendered":"<p>[et_pb_section fb_built=\u00a0\u00bb1&Prime; next_background_color=\u00a0\u00bb#d8d8d8&Prime; admin_label=\u00a0\u00bbHero\u00a0\u00bb _builder_version=\u00a0\u00bb4.17.4&Prime; use_background_color_gradient=\u00a0\u00bbon\u00a0\u00bb background_color_gradient_direction=\u00a0\u00bb70deg\u00a0\u00bb background_color_gradient_stops=\u00a0\u00bbrgba(216,216,216,0) 0%|rgba(0,0,0,0) 100%\u00a0\u00bb background_color_gradient_overlays_image=\u00a0\u00bbon\u00a0\u00bb background_color_gradient_start=\u00a0\u00bbrgba(216,216,216,0)\u00a0\u00bb background_color_gradient_end=\u00a0\u00bbrgba(0,0,0,0)\u00a0\u00bb background_image=\u00a0\u00bbhttps:\/\/geyser.asso.fr\/wp-content\/uploads\/2022\/09\/20220805_180850-scaled.jpg\u00a0\u00bb min_height=\u00a0\u00bb376px\u00a0\u00bb custom_margin=\u00a0\u00bb||-3%||false|false\u00a0\u00bb custom_padding=\u00a0\u00bb6vw||0px||false|false\u00a0\u00bb bottom_divider_style=\u00a0\u00bbmountains\u00a0\u00bb bottom_divider_height=\u00a0\u00bb23vw\u00a0\u00bb bottom_divider_repeat=\u00a0\u00bb0.4x\u00a0\u00bb bottom_divider_flip=\u00a0\u00bbhorizontal|vertical\u00a0\u00bb hover_enabled=\u00a0\u00bb0&Prime; global_colors_info=\u00a0\u00bb{}\u00a0\u00bb theme_builder_area=\u00a0\u00bbpost_content\u00a0\u00bb sticky_enabled=\u00a0\u00bb0&Prime; title_text=\u00a0\u00bb20220805_180850&Prime;][et_pb_row _builder_version=\u00a0\u00bb4.17.4&Prime; custom_margin=\u00a0\u00bb|||\u00a0\u00bb custom_padding=\u00a0\u00bb27px|0px|0|0px|false|false\u00a0\u00bb global_colors_info=\u00a0\u00bb{}\u00a0\u00bb theme_builder_area=\u00a0\u00bbpost_content\u00a0\u00bb][et_pb_column type=\u00a0\u00bb4_4&Prime; _builder_version=\u00a0\u00bb4.16&Prime; custom_padding=\u00a0\u00bb|||\u00a0\u00bb global_colors_info=\u00a0\u00bb{}\u00a0\u00bb custom_padding__hover=\u00a0\u00bb|||\u00a0\u00bb theme_builder_area=\u00a0\u00bbpost_content\u00a0\u00bb][et_pb_text _builder_version=\u00a0\u00bb4.17.4&Prime; text_font=\u00a0\u00bb||||||||\u00a0\u00bb text_font_size=\u00a0\u00bb6px\u00a0\u00bb header_font=\u00a0\u00bbJosefin Sans|700|||||||\u00a0\u00bb header_font_size=\u00a0\u00bb69px\u00a0\u00bb header_line_height=\u00a0\u00bb1.4em\u00a0\u00bb header_2_font=\u00a0\u00bbJosefin Sans||||||||\u00a0\u00bb header_2_text_color=\u00a0\u00bbrgba(255,255,255,0.6)\u00a0\u00bb header_2_font_size=\u00a0\u00bb32px\u00a0\u00bb header_2_line_height=\u00a0\u00bb1.4em\u00a0\u00bb header_3_font=\u00a0\u00bb|700|||||||\u00a0\u00bb header_3_font_size=\u00a0\u00bb26px\u00a0\u00bb transform_translate=\u00a0\u00bb-125px|-52px\u00a0\u00bb background_layout=\u00a0\u00bbdark\u00a0\u00bb width=\u00a0\u00bb100%\u00a0\u00bb custom_padding=\u00a0\u00bb||22px|||\u00a0\u00bb animation_style=\u00a0\u00bbslide\u00a0\u00bb animation_direction=\u00a0\u00bbright\u00a0\u00bb animation_intensity_slide=\u00a0\u00bb4%\u00a0\u00bb header_font_size_tablet=\u00a0\u00bb50px\u00a0\u00bb header_font_size_phone=\u00a0\u00bb32px\u00a0\u00bb header_font_size_last_edited=\u00a0\u00bbon|desktop\u00a0\u00bb header_2_font_size_tablet=\u00a0\u00bb\u00a0\u00bb header_2_font_size_phone=\u00a0\u00bb24px\u00a0\u00bb header_2_font_size_last_edited=\u00a0\u00bbon|phone\u00a0\u00bb locked=\u00a0\u00bboff\u00a0\u00bb inline_fonts=\u00a0\u00bbAbhaya Libre,Acme\u00a0\u00bb global_colors_info=\u00a0\u00bb{}\u00a0\u00bb theme_builder_area=\u00a0\u00bbpost_content\u00a0\u00bb]<\/p>\n<h1>Savoirs \u00e9cologiques et formation<\/h1>\n<p>[\/et_pb_text][\/et_pb_column][\/et_pb_row][\/et_pb_section][et_pb_section fb_built=\u00a0\u00bb1&Prime; admin_label=\u00a0\u00bbServices\u00a0\u00bb _builder_version=\u00a0\u00bb4.16&Prime; background_color=\u00a0\u00bb#d8d8d8&Prime; custom_padding=\u00a0\u00bb25px|0px|54px|0|false|false\u00a0\u00bb global_colors_info=\u00a0\u00bb{}\u00a0\u00bb theme_builder_area=\u00a0\u00bbpost_content\u00a0\u00bb][et_pb_row _builder_version=\u00a0\u00bb4.17.4&Prime; _module_preset=\u00a0\u00bbdefault\u00a0\u00bb hover_enabled=\u00a0\u00bb0&Prime; global_colors_info=\u00a0\u00bb{}\u00a0\u00bb theme_builder_area=\u00a0\u00bbpost_content\u00a0\u00bb sticky_enabled=\u00a0\u00bb0&Prime;][et_pb_column type=\u00a0\u00bb4_4&Prime; _builder_version=\u00a0\u00bb4.17.4&Prime; _module_preset=\u00a0\u00bbdefault\u00a0\u00bb global_colors_info=\u00a0\u00bb{}\u00a0\u00bb theme_builder_area=\u00a0\u00bbpost_content\u00a0\u00bb][et_pb_text _builder_version=\u00a0\u00bb4.17.4&Prime; _module_preset=\u00a0\u00bbdefault\u00a0\u00bb text_font=\u00a0\u00bbCambay||||||||\u00a0\u00bb text_font_size=\u00a0\u00bb25px\u00a0\u00bb text_line_height=\u00a0\u00bb1.1em\u00a0\u00bb header_font_size=\u00a0\u00bb36px\u00a0\u00bb custom_padding=\u00a0\u00bb20px|||||\u00a0\u00bb inline_fonts=\u00a0\u00bbABeeZee,Cambay,Cambo\u00a0\u00bb global_colors_info=\u00a0\u00bb{}\u00a0\u00bb theme_builder_area=\u00a0\u00bbpost_content\u00a0\u00bb]<\/p>\n<blockquote>\n<p><span style=\"font-family: Cambay; font-weight: normal; font-size: large;\"><strong>Introduire les savoirs \u00e9cologiques paysans dans la formation<\/strong><\/span><\/p>\n<p><span style=\"font-family: Cambay; font-weight: normal; font-size: large;\"><b><\/b><\/span><\/p>\n<\/blockquote>\n<p class=\"Standard\" style=\"text-align: justify; text-justify: inter-ideograph;\"><span style=\"font-size: 11.0pt;\">Le programme de coop\u00e9ration europ\u00e9enne SAGITER (Savoirs agro\u00e9cologiques et ing\u00e9niosit\u00e9 des terroirs) a \u00e9t\u00e9 initi\u00e9 par SupAgroFlorac. <\/span><\/p>\n<p class=\"Standard\" style=\"text-align: justify; text-justify: inter-ideograph;\"><span style=\"font-size: 11.0pt;\">Entre 2013 et 2016, il a associ\u00e9 dix partenaires, dont <u>Geyser<\/u>, dans sept pays europ\u00e9ens avec l\u2019objectif de mieux prendre en compte les savoirs agro\u00e9cologiques dans l&rsquo;enseignement.<\/span><o:p><\/o:p><\/p>\n<p class=\"Standard\" style=\"text-align: justify; text-justify: inter-ideograph;\"><span style=\"font-size: 11.0pt;\">La r\u00e9flexion collective, impliquant des formateurs, animateurs, techniciens, est partie du croisement des repr\u00e9sentations et des approches en mati\u00e8re de formation sur les savoirs \u00e9cologiques paysans\u00a0; elle a abouti \u00e0 des propositions d\u2019outils et de m\u00e9thodes pour en renforcer l\u2019int\u00e9gration dans les cursus de formation agricole.<o:p><\/o:p><\/span><\/p>\n<p class=\"Standard\" style=\"text-align: justify; text-justify: inter-ideograph;\"><span style=\"font-family: Cambay; font-weight: normal; font-size: medium;\"><a href=\"https:\/\/www.institut-agro-montpellier.fr\/index.php\/formations\/appui-lenseignement-technique-agricole\/sagiter\">Lien programe SAGITER<\/a><\/span><\/p>\n<p class=\"Standard\" style=\"text-align: justify; text-justify: inter-ideograph;\"><span style=\"font-family: Cambay; font-weight: normal; font-size: medium;\"><a href=\"http:\/\/www.sitadel38.fr\/-SITADEL-.html\"><\/a><\/span><\/p>\n<p>&nbsp;<\/p>\n<p class=\"Standard\" style=\"text-align: justify; text-justify: inter-ideograph;\"><span style=\"font-size: 11.0pt;\"><\/span><\/p>\n<p><strong><span style=\"font-size: large;\">\u00a0<\/span><\/strong><\/p>\n<p><span style=\"font-size: 11.0pt;\"><\/span><\/p>\n<p><span style=\"font-size: 11.0pt;\"><\/span><\/p>\n<p>[\/et_pb_text][\/et_pb_column][\/et_pb_row][\/et_pb_section][et_pb_section fb_built=\u00a0\u00bb1&Prime; prev_background_color=\u00a0\u00bb#d8d8d8&Prime; next_background_color=\u00a0\u00bb#ffffff\u00a0\u00bb admin_label=\u00a0\u00bbCTA Section\u00a0\u00bb _builder_version=\u00a0\u00bb4.17.4&Prime; use_background_color_gradient=\u00a0\u00bbon\u00a0\u00bb background_color_gradient_direction=\u00a0\u00bb70deg\u00a0\u00bb background_color_gradient_stops=\u00a0\u00bbrgba(0,0,0,0) 0%|rgba(0,0,0,0) 100%\u00a0\u00bb background_color_gradient_overlays_image=\u00a0\u00bbon\u00a0\u00bb background_color_gradient_start=\u00a0\u00bbrgba(0,0,0,0)\u00a0\u00bb background_color_gradient_end=\u00a0\u00bbrgba(0,0,0,0)\u00a0\u00bb background_image=\u00a0\u00bbhttps:\/\/geyser.asso.fr\/wp-content\/uploads\/2022\/09\/20220805_180850-scaled.jpg\u00a0\u00bb background_position=\u00a0\u00bbbottom_center\u00a0\u00bb background_blend=\u00a0\u00bbmultiply\u00a0\u00bb min_height=\u00a0\u00bb54px\u00a0\u00bb height=\u00a0\u00bb100px\u00a0\u00bb custom_margin=\u00a0\u00bb|||\u00a0\u00bb custom_padding=\u00a0\u00bb13vw||7vw||false|false\u00a0\u00bb top_divider_style=\u00a0\u00bbslant2&Prime; top_divider_height=\u00a0\u00bb18vw\u00a0\u00bb top_divider_repeat=\u00a0\u00bb0.5x\u00a0\u00bb bottom_divider_style=\u00a0\u00bbcurve\u00a0\u00bb bottom_divider_height=\u00a0\u00bb14%\u00a0\u00bb bottom_divider_repeat=\u00a0\u00bb0.5x\u00a0\u00bb bottom_divider_flip=\u00a0\u00bbhorizontal\u00a0\u00bb hover_enabled=\u00a0\u00bb0&Prime; locked=\u00a0\u00bboff\u00a0\u00bb global_colors_info=\u00a0\u00bb{}\u00a0\u00bb theme_builder_area=\u00a0\u00bbpost_content\u00a0\u00bb title_text=\u00a0\u00bb20220805_180850&Prime; sticky_enabled=\u00a0\u00bb0&Prime;][et_pb_row _builder_version=\u00a0\u00bb4.16&Prime; custom_margin=\u00a0\u00bb|||\u00a0\u00bb custom_padding=\u00a0\u00bb27px|0px|0|0px|false|false\u00a0\u00bb global_colors_info=\u00a0\u00bb{}\u00a0\u00bb theme_builder_area=\u00a0\u00bbpost_content\u00a0\u00bb][et_pb_column type=\u00a0\u00bb4_4&Prime; _builder_version=\u00a0\u00bb4.16&Prime; custom_padding=\u00a0\u00bb|||\u00a0\u00bb global_colors_info=\u00a0\u00bb{}\u00a0\u00bb custom_padding__hover=\u00a0\u00bb|||\u00a0\u00bb theme_builder_area=\u00a0\u00bbpost_content\u00a0\u00bb][et_pb_text _builder_version=\u00a0\u00bb4.16&Prime; text_font=\u00a0\u00bb||||||||\u00a0\u00bb header_font=\u00a0\u00bb||||||||\u00a0\u00bb header_2_font=\u00a0\u00bbJosefin Sans|700|||||||\u00a0\u00bb header_2_font_size=\u00a0\u00bb80px\u00a0\u00bb header_2_line_height=\u00a0\u00bb1.4em\u00a0\u00bb header_3_font=\u00a0\u00bbJosefin Sans||||||||\u00a0\u00bb header_3_text_color=\u00a0\u00bbrgba(255,255,255,0.6)\u00a0\u00bb header_3_font_size=\u00a0\u00bb32px\u00a0\u00bb header_3_line_height=\u00a0\u00bb1.4em\u00a0\u00bb background_layout=\u00a0\u00bbdark\u00a0\u00bb animation_style=\u00a0\u00bbslide\u00a0\u00bb animation_direction=\u00a0\u00bbright\u00a0\u00bb animation_intensity_slide=\u00a0\u00bb4%\u00a0\u00bb header_font_size_tablet=\u00a0\u00bb70px\u00a0\u00bb header_font_size_phone=\u00a0\u00bb50px\u00a0\u00bb header_font_size_last_edited=\u00a0\u00bboff|desktop\u00a0\u00bb header_2_font_size_tablet=\u00a0\u00bb50px\u00a0\u00bb header_2_font_size_phone=\u00a0\u00bb32px\u00a0\u00bb header_2_font_size_last_edited=\u00a0\u00bbon|phone\u00a0\u00bb header_3_font_size_tablet=\u00a0\u00bb\u00a0\u00bb header_3_font_size_phone=\u00a0\u00bb24px\u00a0\u00bb header_3_font_size_last_edited=\u00a0\u00bbon|phone\u00a0\u00bb locked=\u00a0\u00bboff\u00a0\u00bb global_colors_info=\u00a0\u00bb{}\u00a0\u00bb theme_builder_area=\u00a0\u00bbpost_content\u00a0\u00bb]<\/p>\n<h2><\/h2>\n<p>[\/et_pb_text][\/et_pb_column][\/et_pb_row][\/et_pb_section]<\/p>\n","protected":false},"excerpt":{"rendered":"<p>Savoirs \u00e9cologiques et formation Introduire les savoirs \u00e9cologiques paysans dans la formation Le programme de coop\u00e9ration europ\u00e9enne SAGITER (Savoirs agro\u00e9cologiques et ing\u00e9niosit\u00e9 des terroirs) a \u00e9t\u00e9 initi\u00e9 par SupAgroFlorac. Entre 2013 et 2016, il a associ\u00e9 dix partenaires, dont Geyser, dans sept pays europ\u00e9ens avec l\u2019objectif de mieux prendre en compte les savoirs agro\u00e9cologiques dans [&hellip;]<\/p>\n","protected":false},"author":1,"featured_media":0,"parent":0,"menu_order":0,"comment_status":"closed","ping_status":"closed","template":"","meta":{"_et_pb_use_builder":"on","_et_pb_old_content":"","_et_gb_content_width":"","footnotes":""},"class_list":["post-1371","page","type-page","status-publish","hentry"],"_links":{"self":[{"href":"https:\/\/geyser.asso.fr\/index.php?rest_route=\/wp\/v2\/pages\/1371","targetHints":{"allow":["GET"]}}],"collection":[{"href":"https:\/\/geyser.asso.fr\/index.php?rest_route=\/wp\/v2\/pages"}],"about":[{"href":"https:\/\/geyser.asso.fr\/index.php?rest_route=\/wp\/v2\/types\/page"}],"author":[{"embeddable":true,"href":"https:\/\/geyser.asso.fr\/index.php?rest_route=\/wp\/v2\/users\/1"}],"replies":[{"embeddable":true,"href":"https:\/\/geyser.asso.fr\/index.php?rest_route=%2Fwp%2Fv2%2Fcomments&post=1371"}],"version-history":[{"count":7,"href":"https:\/\/geyser.asso.fr\/index.php?rest_route=\/wp\/v2\/pages\/1371\/revisions"}],"predecessor-version":[{"id":1386,"href":"https:\/\/geyser.asso.fr\/index.php?rest_route=\/wp\/v2\/pages\/1371\/revisions\/1386"}],"wp:attachment":[{"href":"https:\/\/geyser.asso.fr\/index.php?rest_route=%2Fwp%2Fv2%2Fmedia&parent=1371"}],"curies":[{"name":"wp","href":"https:\/\/api.w.org\/{rel}","templated":true}]}}