{"id":96,"date":"2020-06-11T12:27:54","date_gmt":"2020-06-11T10:27:54","guid":{"rendered":"http:\/\/geyserb.cluster028.hosting.ovh.net\/?page_id=96"},"modified":"2022-09-07T11:43:08","modified_gmt":"2022-09-07T09:43:08","slug":"publications","status":"publish","type":"page","link":"https:\/\/geyser.asso.fr\/?page_id=96","title":{"rendered":"Publications"},"content":{"rendered":"<p>[et_pb_section fb_built=\u00a0\u00bb1&Prime; next_background_color=\u00a0\u00bb#d8d8d8&Prime; admin_label=\u00a0\u00bbHero\u00a0\u00bb _builder_version=\u00a0\u00bb4.17.4&Prime; use_background_color_gradient=\u00a0\u00bbon\u00a0\u00bb background_color_gradient_direction=\u00a0\u00bb70deg\u00a0\u00bb background_color_gradient_stops=\u00a0\u00bbrgba(216,216,216,0) 0%|rgba(0,0,0,0) 100%\u00a0\u00bb background_color_gradient_overlays_image=\u00a0\u00bbon\u00a0\u00bb background_color_gradient_start=\u00a0\u00bbrgba(216,216,216,0)\u00a0\u00bb background_color_gradient_end=\u00a0\u00bbrgba(0,0,0,0)\u00a0\u00bb background_image=\u00a0\u00bbhttps:\/\/geyser.asso.fr\/wp-content\/uploads\/2021\/01\/20191102_141124-scaled.jpg\u00a0\u00bb max_width=\u00a0\u00bb100%\u00a0\u00bb min_height=\u00a0\u00bb394px\u00a0\u00bb height=\u00a0\u00bb220px\u00a0\u00bb max_height=\u00a0\u00bb906px\u00a0\u00bb custom_margin=\u00a0\u00bb||-1.8%||false|false\u00a0\u00bb custom_padding=\u00a0\u00bb6vw||0px||false|false\u00a0\u00bb bottom_divider_style=\u00a0\u00bbmountains\u00a0\u00bb bottom_divider_height=\u00a0\u00bb23vw\u00a0\u00bb bottom_divider_repeat=\u00a0\u00bb0.4x\u00a0\u00bb bottom_divider_flip=\u00a0\u00bbhorizontal|vertical\u00a0\u00bb hover_enabled=\u00a0\u00bb0&Prime; global_colors_info=\u00a0\u00bb{}\u00a0\u00bb title_text=\u00a0\u00bb20191102_141124&Prime; sticky_enabled=\u00a0\u00bb0&Prime;][et_pb_row _builder_version=\u00a0\u00bb4.16&Prime; custom_margin=\u00a0\u00bb|||\u00a0\u00bb custom_padding=\u00a0\u00bb27px|0px|0|0px|false|false\u00a0\u00bb global_colors_info=\u00a0\u00bb{}\u00a0\u00bb][et_pb_column type=\u00a0\u00bb4_4&Prime; _builder_version=\u00a0\u00bb4.16&Prime; custom_padding=\u00a0\u00bb|||\u00a0\u00bb global_colors_info=\u00a0\u00bb{}\u00a0\u00bb custom_padding__hover=\u00a0\u00bb|||\u00a0\u00bb][et_pb_text _builder_version=\u00a0\u00bb4.17.4&Prime; text_font=\u00a0\u00bb||||||||\u00a0\u00bb header_font=\u00a0\u00bbJosefin Sans|700|||||||\u00a0\u00bb header_font_size=\u00a0\u00bb90px\u00a0\u00bb header_line_height=\u00a0\u00bb1.4em\u00a0\u00bb header_2_font=\u00a0\u00bbJosefin Sans||||||||\u00a0\u00bb header_2_text_color=\u00a0\u00bbrgba(255,255,255,0.6)\u00a0\u00bb header_2_font_size=\u00a0\u00bb32px\u00a0\u00bb header_2_line_height=\u00a0\u00bb1.4em\u00a0\u00bb header_3_font=\u00a0\u00bb|700|||||||\u00a0\u00bb header_3_font_size=\u00a0\u00bb26px\u00a0\u00bb transform_translate=\u00a0\u00bb-60px|7px\u00a0\u00bb transform_translate_linked=\u00a0\u00bboff\u00a0\u00bb background_layout=\u00a0\u00bbdark\u00a0\u00bb custom_padding=\u00a0\u00bb||22px|||\u00a0\u00bb animation_style=\u00a0\u00bbslide\u00a0\u00bb animation_direction=\u00a0\u00bbright\u00a0\u00bb animation_intensity_slide=\u00a0\u00bb4%\u00a0\u00bb hover_enabled=\u00a0\u00bb0&Prime; header_font_size_tablet=\u00a0\u00bb50px\u00a0\u00bb header_font_size_phone=\u00a0\u00bb32px\u00a0\u00bb header_font_size_last_edited=\u00a0\u00bbon|desktop\u00a0\u00bb header_2_font_size_tablet=\u00a0\u00bb\u00a0\u00bb header_2_font_size_phone=\u00a0\u00bb24px\u00a0\u00bb header_2_font_size_last_edited=\u00a0\u00bbon|phone\u00a0\u00bb inline_fonts=\u00a0\u00bbAbhaya Libre,Acme\u00a0\u00bb global_colors_info=\u00a0\u00bb{}\u00a0\u00bb sticky_enabled=\u00a0\u00bb0&Prime;]<\/p>\n<h1>Publications<\/h1>\n<h4><\/h4>\n<p>[\/et_pb_text][\/et_pb_column][\/et_pb_row][\/et_pb_section][et_pb_section fb_built=\u00a0\u00bb1&Prime; admin_label=\u00a0\u00bbServices\u00a0\u00bb _builder_version=\u00a0\u00bb4.16&Prime; background_color=\u00a0\u00bb#d8d8d8&Prime; custom_padding=\u00a0\u00bb0px|0px|54px|0|false|false\u00a0\u00bb global_colors_info=\u00a0\u00bb{}\u00a0\u00bb][et_pb_row _builder_version=\u00a0\u00bb4.16&Prime; _module_preset=\u00a0\u00bbdefault\u00a0\u00bb global_colors_info=\u00a0\u00bb{}\u00a0\u00bb][et_pb_column type=\u00a0\u00bb4_4&Prime; _builder_version=\u00a0\u00bb4.16&Prime; _module_preset=\u00a0\u00bbdefault\u00a0\u00bb global_colors_info=\u00a0\u00bb{}\u00a0\u00bb][et_pb_text _builder_version=\u00a0\u00bb4.16&Prime; _module_preset=\u00a0\u00bbdefault\u00a0\u00bb text_font=\u00a0\u00bbCambay||||||||\u00a0\u00bb text_font_size=\u00a0\u00bb18px\u00a0\u00bb text_line_height=\u00a0\u00bb1.8em\u00a0\u00bb link_text_color=\u00a0\u00bb#1a78b2&Prime; custom_padding=\u00a0\u00bb1px|||||\u00a0\u00bb global_colors_info=\u00a0\u00bb{}\u00a0\u00bb]<\/p>\n<blockquote>\n<h1>Le dialogue territorial et la concertation<\/h1>\n<\/blockquote>\n<p><strong>AFIP, GEYSER<\/strong>, Terres en villes et TRAME. <em>Comment favoriser l\u2019implication des agriculteurs dans les instances de dialogue territorial\u00a0?<\/em> Dossier incluant 4 livrets, 2008.<\/p>\n<p><strong>Barret, P<\/strong>. 2016. Expos\u00e9 lors des 6<sup>\u00e8me<\/sup> assises internationales de la m\u00e9diation judiciaire. In\u00a0: Les nouveaux enjeux de la m\u00e9diation. L\u2019Harmattan, pp. 80-97<\/p>\n<p><strong>Barret, P<\/strong>. 2014. <em>Le dialogue territorial pour r\u00e9pondre aux enjeux \u00e9cologiques des territoires ruraux<\/em>. In Revue Pour n\u00b0223, pp. 193-198<\/p>\n<p><strong>Barret, P<\/strong>. avec la contribution de GUIHENEUF Pierre-Yves. 2012. <em>Guide pratique du dialogue territorial<\/em>. Ed. de l\u2019aube, 234 p.<\/p>\n<p><strong>Barret, P<\/strong>. <strong>Gonzales, A<\/strong>. 2003. <em>Soci\u00e9t\u00e9 civile et r\u00e9solution des conflits hydriques<\/em>. UNESCO, 2003, 78 p.<\/p>\n<p><strong>Beuret, J-E, Cadoret, A<\/strong>. 2010. <em>G\u00e9rer ensemble les territoires : vers une d\u00e9mocratie coop\u00e9rative<\/em>. \u00c9ditions Charles L\u00e9opold. Mayer, 13 (4), non pagin\u00e9,\u00a0<a href=\"https:\/\/dx.doi.org\/10.3166\/ges.13.363-386\">\u27e810.3166\/ges.13.363-386\u27e9<\/a>.\u00a0<a href=\"https:\/\/hal-agrocampus-ouest.archives-ouvertes.fr\/hal-00729522\">\u27e8hal-00729522\u27e9<\/a><\/p>\n<p><strong>Boal, A<\/strong>. 2004. <em>Jeux pour acteurs et non acteurs, pratique du Th\u00e9\u00e2tre de l\u2019opprim\u00e9<\/em>, La D\u00e9couverte (1<sup>\u00e8re<\/sup> \u00e9dition 1978)<\/p>\n<p><strong>Bonal, E<\/strong>. 2018, <em>Que peut le dialogue territorial pour l\u2019accompagnement des parcours professionnels ? Vitaliser des territoires apprenants<\/em>. Dossier hors-s\u00e9rie. Afpa-\u00c9ducation Permanente.<\/p>\n<p><strong>Bonal, E<\/strong>. 2017, <em>A quelles pratiques d\u2019accompagnement \u0153uvrer pour d\u00e9ployer l\u2019intelligence collective\u00a0?<\/em> in\u00a0: L\u2019art d\u2019accompagner autrement, <strong>sld Andr\u00e9 Chauvet, Kelvoa.<\/strong><\/p>\n<p><strong>Bonal, E<\/strong>. 2011. <em>L&rsquo;intelligence collective comme processus de coop\u00e9ration<\/em>, Nouvelle Revue de Psychosociologie, Paris : ERES, n\u00b012.<\/p>\n<p><strong>CERDD<\/strong>. <em>Pilotez votre projet de m\u00e9thanisation en lien avec les acteurs de votre territoire\u00a0; le dialogue territorial, un outil concret au service de l\u2019appropriation des projets d\u2019\u00e9nergie renouvelable<\/em>. 2019, 12 p.<\/p>\n<p><strong><a href=\"http:\/\/xn--comdie-dva.org\">C<\/a><a href=\"http:\/\/xn--comdie-dva.org\">om\u00e9die.org<\/a> Fiches d&rsquo;exp\u00e9riences et \u00e9tudes de cas sur le site de ressources<\/strong><\/p>\n<p><strong>Guiheneuf, P-Y<\/strong>., <strong>Barret, P<\/strong>. 2018. <em>A Territorial Dialogue in France<\/em>. in Catherine Choquette &amp; V\u00e9ronique Fraser, Environmental Mediation, An International Survey Ed. Routledge.<\/p>\n<p><strong>Guih\u00e9neuf, P-Y<\/strong>. 2017. <em>Garantir la concertation<\/em>,\u00a0\u00c9ditions Charles L\u00e9opold\u00a0Mayer,\u00a0200 p.<\/p>\n<p><strong>Guiheneuf, P-Y<\/strong>. <strong>Cauchoix, F<\/strong>. <strong>Barret, P<\/strong>. <strong>Cayre, P<\/strong>. 2006. <em>La formation au dialogue territorial<\/em>. Ed. Educagri, 194 p.<\/p>\n<p><strong>IFREE<\/strong>. <em>Favoriser le dialogue territorial sur l\u2019eau<\/em>, r\u00e9cits d\u2019exp\u00e9rience. 34 p.<\/p>\n<p><strong>Leu,L<\/strong>. 2005. <em>Manuel de communication non-violente, exercices individuels et collectifs<\/em>, Paris\u00a0: La D\u00e9couverte (1<sup>\u00e8re<\/sup> \u00e9dition anglaise 2003)<\/p>\n<p><strong>Lisode<\/strong>. 2017. <em>Guide de concertation territoriale et de facilitation<\/em>,\u00a0<a href=\"https:\/\/www.lisode.com\/wp-content\/uploads\/2017\/03\/Lisode_Guide_concertation.pdf\">https:\/\/www.lisode.com\/wp-co<strong>ntent\/uploads\/2017\/03\/Lisode_Guide_concertation.pdf<\/strong><\/a><\/p>\n<p><strong>Mayen, P<\/strong>. <strong>Lain\u00e9, A<\/strong>. <em>Apprendre \u00e0 travailler avec le vivant\u00a0: d\u00e9veloppement durable et didactique professionnelle<\/em>, Raison et passions, 2014.<\/p>\n<p><strong>Narcy, J-B<\/strong>. 2013. Regards des sciences sociales sur la mise en \u0153uvre des politiques de l\u2019eau, Edition ONEMA \u00ab\u00a0Comprendre pour agir\u00a0\u00bb, n\u00b09.<\/p>\n<p><strong>ONF<\/strong>. <em>Concertation et dialogue territorial en for\u00eat, les enseignements de \u00ab\u00a0For\u00eat d\u2019exception\u00a0\u00bb.<\/em> 2019, 84 p. <a href=\"http:\/\/www1.onf.fr\/foret-exception\/++oid++6924\/@@display_media.html\">http:\/\/www1.onf.fr\/foret-exception\/++oid++6924\/@@display_media.html<\/a><\/p>\n<p><strong>Riegel, J<\/strong>. 2020. <em>Des digues agricoles entre int\u00e9r\u00eat g\u00e9n\u00e9ral et bien commun<\/em>.\u00a0 Num\u00e9ro 39 &#8211; juin 2020\u00a0&#8211; Incidents heuristiques [en ligne]. (<a href=\"https:\/\/www.ethnographiques.org\/2020\/Riegel\">https:\/\/www.ethnographiques.org\/2020\/Riegel<\/a><\/p>\n<p><strong>Riegel, J<\/strong>. 2018. <em>Le dialogue territorial au risque de l\u2019\u00e9cologie\u00a0? Traces et effets d\u2019une concertation entre am\u00e9nagements hydrauliques et\u00a0restauration \u00e9cologique<\/em>.\u00a0<em>Participations<\/em>, 2018\/1 (N\u00b0 20), p. 173-198. DOI : 10.3917\/parti.020.0171. URL :\u00a0<a href=\"https:\/\/www.cairn.info\/revue-participations-2018-1-page-173.htm\">https:\/\/www.cairn.info\/revue-participations-2018-1-page-173.htm<\/a><\/p>\n<p><strong>Riegel, J<\/strong>. 2018. <em>Une neutralit\u00e9 militante\u00a0: les m\u00e9diateurs du dialogue territorial<\/em>,\u00a0<em>Terrains\/Th\u00e9ories<\/em>\u00a0[En ligne], 9\u00a0|\u00a02018, mis en ligne le\u00a014 d\u00e9cembre 2018, <a href=\"http:\/\/journals.openedition.org\/teth\/1757\">http:\/\/journals.openedition.org\/teth\/1757<\/a><\/p>\n<p><strong>Terre de liens<\/strong>. <em>Cultiver le dialogue territorial<\/em>. Arpenter n\u00b04, 2018, 54 p.<\/p>\n<p><strong>Tixier, G<\/strong>. 2010. <em>Le th\u00e9\u00e2tre-forum, apprendre \u00e0 r\u00e9guler les conflits<\/em>, Chronique sociale, Lyon.<\/p>\n<p>[\/et_pb_text][et_pb_text _builder_version=\u00a0\u00bb4.16&Prime; _module_preset=\u00a0\u00bbdefault\u00a0\u00bb text_font=\u00a0\u00bbCambay||||||||\u00a0\u00bb text_font_size=\u00a0\u00bb26px\u00a0\u00bb text_line_height=\u00a0\u00bb1em\u00a0\u00bb link_font=\u00a0\u00bbCambay||||||||\u00a0\u00bb link_text_color=\u00a0\u00bb#000000&Prime; link_font_size=\u00a0\u00bb18px\u00a0\u00bb custom_padding=\u00a0\u00bb|||1px||\u00a0\u00bb locked=\u00a0\u00bboff\u00a0\u00bb global_colors_info=\u00a0\u00bb{}\u00a0\u00bb]<\/p>\n<blockquote>\n<h1>\u00a0Les savoirs \u00e9cologiques paysans<\/h1>\n<\/blockquote>\n<p><span style=\"font-size: large;\" wfd-id=\"211\"><strong>Saint Flour communaut\u00e9<\/strong>. Restaurer des prairies naturelles. Recueil de savoirs pour produire et utilser des semences prairiales, 2020, 115p.<\/span><span style=\"font-size: large;\">\u00a0<\/span><a href=\"https:\/\/fr.calameo.com\/read\/0052270554823f7dfa265?page=1\" style=\"font-size: large;\">T\u00e9l\u00e9charger le PDF<\/a><span style=\"font-size: large;\">\u00a0<\/span><\/p>\n<p>&nbsp;<\/p>\n<p>[\/et_pb_text][\/et_pb_column][\/et_pb_row][\/et_pb_section][et_pb_section fb_built=\u00a0\u00bb1&Prime; prev_background_color=\u00a0\u00bb#d8d8d8&Prime; next_background_color=\u00a0\u00bb#ffffff\u00a0\u00bb admin_label=\u00a0\u00bbCTA Section\u00a0\u00bb _builder_version=\u00a0\u00bb4.16&Prime; use_background_color_gradient=\u00a0\u00bbon\u00a0\u00bb background_color_gradient_direction=\u00a0\u00bb70deg\u00a0\u00bb background_color_gradient_stops=\u00a0\u00bbrgba(0,0,0,0) 0%|rgba(0,0,0,0) 100%\u00a0\u00bb background_color_gradient_overlays_image=\u00a0\u00bbon\u00a0\u00bb background_color_gradient_start=\u00a0\u00bbrgba(0,0,0,0)\u00a0\u00bb background_color_gradient_end=\u00a0\u00bbrgba(0,0,0,0)\u00a0\u00bb background_image=\u00a0\u00bbhttp:\/\/geyserb.cluster028.hosting.ovh.net\/wp-content\/uploads\/2021\/01\/pexels-pixabay-158651-scaled.jpg\u00a0\u00bb background_blend=\u00a0\u00bbmultiply\u00a0\u00bb min_height=\u00a0\u00bb100px\u00a0\u00bb height=\u00a0\u00bb100px\u00a0\u00bb custom_margin=\u00a0\u00bb|||\u00a0\u00bb custom_padding=\u00a0\u00bb13vw||7vw||false|false\u00a0\u00bb top_divider_style=\u00a0\u00bbslant2&Prime; top_divider_height=\u00a0\u00bb18vw\u00a0\u00bb top_divider_repeat=\u00a0\u00bb0.5x\u00a0\u00bb bottom_divider_style=\u00a0\u00bbcurve\u00a0\u00bb bottom_divider_height=\u00a0\u00bb14%\u00a0\u00bb bottom_divider_repeat=\u00a0\u00bb0.5x\u00a0\u00bb bottom_divider_flip=\u00a0\u00bbhorizontal\u00a0\u00bb locked=\u00a0\u00bboff\u00a0\u00bb global_colors_info=\u00a0\u00bb{}\u00a0\u00bb][et_pb_row _builder_version=\u00a0\u00bb4.16&Prime; custom_margin=\u00a0\u00bb|||\u00a0\u00bb custom_padding=\u00a0\u00bb27px|0px|0|0px|false|false\u00a0\u00bb global_colors_info=\u00a0\u00bb{}\u00a0\u00bb][et_pb_column type=\u00a0\u00bb4_4&Prime; _builder_version=\u00a0\u00bb4.16&Prime; custom_padding=\u00a0\u00bb|||\u00a0\u00bb global_colors_info=\u00a0\u00bb{}\u00a0\u00bb custom_padding__hover=\u00a0\u00bb|||\u00a0\u00bb][et_pb_text _builder_version=\u00a0\u00bb4.16&Prime; text_font=\u00a0\u00bb||||||||\u00a0\u00bb header_font=\u00a0\u00bb||||||||\u00a0\u00bb header_2_font=\u00a0\u00bbJosefin Sans|700|||||||\u00a0\u00bb header_2_font_size=\u00a0\u00bb80px\u00a0\u00bb header_2_line_height=\u00a0\u00bb1.4em\u00a0\u00bb header_3_font=\u00a0\u00bbJosefin Sans||||||||\u00a0\u00bb header_3_text_color=\u00a0\u00bbrgba(255,255,255,0.6)\u00a0\u00bb header_3_font_size=\u00a0\u00bb32px\u00a0\u00bb header_3_line_height=\u00a0\u00bb1.4em\u00a0\u00bb background_layout=\u00a0\u00bbdark\u00a0\u00bb animation_style=\u00a0\u00bbslide\u00a0\u00bb animation_direction=\u00a0\u00bbright\u00a0\u00bb animation_intensity_slide=\u00a0\u00bb4%\u00a0\u00bb header_font_size_tablet=\u00a0\u00bb70px\u00a0\u00bb header_font_size_phone=\u00a0\u00bb50px\u00a0\u00bb header_font_size_last_edited=\u00a0\u00bboff|desktop\u00a0\u00bb header_2_font_size_tablet=\u00a0\u00bb50px\u00a0\u00bb header_2_font_size_phone=\u00a0\u00bb32px\u00a0\u00bb header_2_font_size_last_edited=\u00a0\u00bbon|phone\u00a0\u00bb header_3_font_size_tablet=\u00a0\u00bb\u00a0\u00bb header_3_font_size_phone=\u00a0\u00bb24px\u00a0\u00bb header_3_font_size_last_edited=\u00a0\u00bbon|phone\u00a0\u00bb locked=\u00a0\u00bboff\u00a0\u00bb global_colors_info=\u00a0\u00bb{}\u00a0\u00bb]<\/p>\n<h2><\/h2>\n<p>[\/et_pb_text][\/et_pb_column][\/et_pb_row][\/et_pb_section]<\/p>\n","protected":false},"excerpt":{"rendered":"<p>Publications Le dialogue territorial et la concertation AFIP, GEYSER, Terres en villes et TRAME. Comment favoriser l\u2019implication des agriculteurs dans les instances de dialogue territorial\u00a0? Dossier incluant 4 livrets, 2008. Barret, P. 2016. Expos\u00e9 lors des 6\u00e8me assises internationales de la m\u00e9diation judiciaire. In\u00a0: Les nouveaux enjeux de la m\u00e9diation. L\u2019Harmattan, pp. 80-97 Barret, P. [&hellip;]<\/p>\n","protected":false},"author":1,"featured_media":0,"parent":72,"menu_order":2,"comment_status":"closed","ping_status":"closed","template":"","meta":{"_et_pb_use_builder":"on","_et_pb_old_content":"","_et_gb_content_width":"","footnotes":""},"class_list":["post-96","page","type-page","status-publish","hentry"],"_links":{"self":[{"href":"https:\/\/geyser.asso.fr\/index.php?rest_route=\/wp\/v2\/pages\/96","targetHints":{"allow":["GET"]}}],"collection":[{"href":"https:\/\/geyser.asso.fr\/index.php?rest_route=\/wp\/v2\/pages"}],"about":[{"href":"https:\/\/geyser.asso.fr\/index.php?rest_route=\/wp\/v2\/types\/page"}],"author":[{"embeddable":true,"href":"https:\/\/geyser.asso.fr\/index.php?rest_route=\/wp\/v2\/users\/1"}],"replies":[{"embeddable":true,"href":"https:\/\/geyser.asso.fr\/index.php?rest_route=%2Fwp%2Fv2%2Fcomments&post=96"}],"version-history":[{"count":22,"href":"https:\/\/geyser.asso.fr\/index.php?rest_route=\/wp\/v2\/pages\/96\/revisions"}],"predecessor-version":[{"id":1390,"href":"https:\/\/geyser.asso.fr\/index.php?rest_route=\/wp\/v2\/pages\/96\/revisions\/1390"}],"up":[{"embeddable":true,"href":"https:\/\/geyser.asso.fr\/index.php?rest_route=\/wp\/v2\/pages\/72"}],"wp:attachment":[{"href":"https:\/\/geyser.asso.fr\/index.php?rest_route=%2Fwp%2Fv2%2Fmedia&parent=96"}],"curies":[{"name":"wp","href":"https:\/\/api.w.org\/{rel}","templated":true}]}}